{"id":4185,"date":"2017-05-19T06:52:50","date_gmt":"2017-05-19T06:52:50","guid":{"rendered":"http:\/\/bwcentral.ro\/facilitati\/"},"modified":"2018-01-09T09:31:45","modified_gmt":"2018-01-09T06:31:45","slug":"ausstattungen","status":"publish","type":"page","link":"https:\/\/bwcentral.ro\/de\/ausstattungen\/","title":{"rendered":"Ausstattungen"},"content":{"rendered":"<div id=\"fb-root\"><\/div>\n<div id=\"pl-4185\"  class=\"panel-layout\" ><div id=\"pg-4185-0\"  class=\"panel-grid panel-no-style\" ><div id=\"pgc-4185-0-0\"  class=\"panel-grid-cell\" ><div id=\"panel-4185-0-0-0\" class=\"so-panel widget widget_heading panel-first-child\" data-index=\"0\" ><div class=\"thim-widget-heading thim-widget-heading-base\"><div class=\"sc-heading article_heading wrapper-line-heading\"><h2 class=\"heading__primary\">Ausstatungen Hotel Best Western Central Arad<\/h2><span class=\"line-heading\"><span><\/span><\/span><\/div><\/div><\/div><div id=\"panel-4185-0-0-1\" class=\"so-panel widget widget_sow-editor panel-last-child\" data-index=\"1\" ><div\n\t\t\t\n\t\t\tclass=\"so-widget-sow-editor so-widget-sow-editor-base\"\n\t\t\t\n\t\t>\n<div class=\"siteorigin-widget-tinymce textwidget\">\n\t<p><span style=\"font-weight: 400;\">Best Western Central Hotel befindet sich in der Mitte von Arad, dadurch bietet es einen einfachen Zugang zu allen \u00f6ffentlichen Einrichtunge, k\u00fcnstlerischen und kulturellen Sehensw\u00fcrdigkeiten Best Western Central Hotel Best Western Central Hotel an. Es wurde im Jahr 2012 renoviert und bietet sichere Parkpl\u00e4tze . Alle Zimmer im Best Western Central sind klimatisiert und haben kostenlosen WLAN-Internetzugang.<\/span><\/p>\n<p><span style=\"font-weight: 400;\"><a href=\"https:\/\/bwcentral.ro\/de\/restaurant\/\">Fr\u00fchst\u00fccksbuffet<\/a> ist im Zimmerpreis enthalten.<\/span><\/p>\n<\/div>\n<\/div><\/div><\/div><\/div><div id=\"pg-4185-1\"  class=\"panel-grid panel-no-style\" ><div id=\"pgc-4185-1-0\"  class=\"panel-grid-cell\" ><div id=\"panel-4185-1-0-0\" class=\"so-panel widget widget_sow-image panel-first-child\" data-index=\"2\" ><div\n\t\t\t\n\t\t\tclass=\"so-widget-sow-image so-widget-sow-image-default-8b5b6f678277-4185\"\n\t\t\t\n\t\t>\n<div class=\"sow-image-container\">\n\t\t<img \n\tsrc=\"https:\/\/bwcentral.ro\/wp-content\/uploads\/2017\/06\/MG_6863-e1501582085685.jpg\" width=\"1080\" height=\"720\" sizes=\"(max-width: 1080px) 100vw, 1080px\" title=\"_MG_6863\" alt=\"\" \t\tclass=\"so-widget-image\"\/>\n\t<\/div>\n\n<\/div><\/div><div id=\"panel-4185-1-0-1\" class=\"so-panel widget widget_sow-editor panel-last-child\" data-index=\"3\" ><div\n\t\t\t\n\t\t\tclass=\"so-widget-sow-editor so-widget-sow-editor-base\"\n\t\t\t\n\t\t>\n<div class=\"siteorigin-widget-tinymce textwidget\">\n\t<div class=\"thim-list-in-room\">\n<strong>Hotelinformationen:<\/strong><\/p>\n<ul>\n<li><i class=\"thim-color fa fa-check-circle\"><\/i> Anzahl der Zimmer: 41<\/li>\n<li><i class=\"thim-color fa fa-check-circle\"><\/i> Anzahl der St\u00f6cke: 4<\/li>\n<li><i class=\"thim-color fa fa-check-circle\"><\/i> Check-in: 02:00 P.M.<\/li>\n<li><i class=\"thim-color fa fa-check-circle\"><\/i> Check-out: 12:00 P.M.<\/li>\n<li><i class=\"thim-color fa fa-check-circle\"><\/i> W\u00e4hrung: Lei<\/li>\n<li><i class=\"thim-color fa fa-check-circle\"><\/i> Zeitzone: GMT +2<\/li>\n<li><i class=\"thim-color fa fa-check-circle\"><\/i> Hotelkategorie: 4 sterne<\/li>\n<li><i class=\"thim-color fa fa-check-circle\"><\/i> Tierzugang: 25% der Pres des Zimmers<\/li>\n<li><i class=\"thim-color fa fa-check-circle\"><\/i> Konferenzr\u00e4ume mit einer Kapazit\u00e4t f\u00fcr 80 Personen<\/li>\n<\/ul>\n<\/div>\n<\/div>\n<\/div><\/div><\/div><div id=\"pgc-4185-1-1\"  class=\"panel-grid-cell\" ><div id=\"panel-4185-1-1-0\" class=\"so-panel widget widget_sow-image panel-first-child\" data-index=\"4\" ><div\n\t\t\t\n\t\t\tclass=\"so-widget-sow-image so-widget-sow-image-default-8b5b6f678277-4185\"\n\t\t\t\n\t\t>\n<div class=\"sow-image-container\">\n\t\t<img \n\tsrc=\"https:\/\/bwcentral.ro\/wp-content\/uploads\/2017\/05\/verde.jpg\" width=\"1080\" height=\"720\" srcset=\"https:\/\/bwcentral.ro\/wp-content\/uploads\/2017\/05\/verde.jpg 1080w, https:\/\/bwcentral.ro\/wp-content\/uploads\/2017\/05\/verde-300x200.jpg 300w, https:\/\/bwcentral.ro\/wp-content\/uploads\/2017\/05\/verde-768x512.jpg 768w, https:\/\/bwcentral.ro\/wp-content\/uploads\/2017\/05\/verde-1024x683.jpg 1024w, https:\/\/bwcentral.ro\/wp-content\/uploads\/2017\/05\/verde-272x182.jpg 272w\" sizes=\"(max-width: 1080px) 100vw, 1080px\" title=\"Facilitati Best Western Central Arad\" alt=\"Facilitati Best Western Central Arad\" \t\tclass=\"so-widget-image\"\/>\n\t<\/div>\n\n<\/div><\/div><div id=\"panel-4185-1-1-1\" class=\"so-panel widget widget_sow-editor panel-last-child\" data-index=\"5\" ><div\n\t\t\t\n\t\t\tclass=\"so-widget-sow-editor so-widget-sow-editor-base\"\n\t\t\t\n\t\t>\n<div class=\"siteorigin-widget-tinymce textwidget\">\n\t<div class=\"thim-list-in-room\">\n<strong>Ausstattungen:<\/strong><\/p>\n<ul>\n<li><i class=\"thim-color fa fa-check-circle\"><\/i> Aufzug<\/li>\n<li><i class=\"thim-color fa fa-check-circle\"><\/i> 24h Rezeption<\/li>\n<li><i class=\"thim-color fa fa-check-circle\"><\/i> Gep\u00e4ckaufbewahrung<\/li>\n<li><i class=\"thim-color fa fa-check-circle\"><\/i> W\u00e4scherei<\/li>\n<li><i class=\"thim-color fa fa-check-circle\"><\/i> B\u00fcgeleisen und B\u00fcgelbrett an der Rezeption<\/li>\n<li><i class=\"thim-color fa fa-check-circle\"><\/i> Safe an der Rezeption<\/li>\n<li><i class=\"thim-color fa fa-check-circle\"><\/i> Sekretariat-service<\/li>\n<li><i class=\"thim-color fa fa-check-circle\"><\/i> Klimaanlage<\/li>\n<li><i class=\"thim-color fa fa-check-circle\"><\/i> Sichere Parkpl\u00e4tze 24H<\/li>\n<li><i class=\"thim-color fa fa-check-circle\"><\/i> Konferenzr\u00e4ume<\/li>\n<li><i class=\"thim-color fa fa-check-circle\"><\/i> Informationen \u00fcber kulturelle Veranstaltungen in der Stadt<\/li>\n<li><i class=\"thim-color fa fa-check-circle\"><\/i> Sauna \/ Spa \/ Jacuzzi \/ Massage \/ Fitness<\/li>\n<li><i class=\"thim-color fa fa-check-circle\"><\/i> Au\u00dfenterrasse<\/li>\n<\/ul>\n<\/div>\n<\/div>\n<\/div><\/div><\/div><div id=\"pgc-4185-1-2\"  class=\"panel-grid-cell\" ><div id=\"panel-4185-1-2-0\" class=\"so-panel widget widget_sow-image panel-first-child\" data-index=\"6\" ><div\n\t\t\t\n\t\t\tclass=\"so-widget-sow-image so-widget-sow-image-default-8b5b6f678277-4185\"\n\t\t\t\n\t\t>\n<div class=\"sow-image-container\">\n\t\t<img \n\tsrc=\"https:\/\/bwcentral.ro\/wp-content\/uploads\/2015\/08\/MG_6730-e1501582267895.jpg\" width=\"1080\" height=\"720\" sizes=\"(max-width: 1080px) 100vw, 1080px\" title=\"Apartament Best Western Central Arad\" alt=\"Apartament Best Western Central Arad\" \t\tclass=\"so-widget-image\"\/>\n\t<\/div>\n\n<\/div><\/div><div id=\"panel-4185-1-2-1\" class=\"so-panel widget widget_sow-editor panel-last-child\" data-index=\"7\" ><div\n\t\t\t\n\t\t\tclass=\"so-widget-sow-editor so-widget-sow-editor-base\"\n\t\t\t\n\t\t>\n<div class=\"siteorigin-widget-tinymce textwidget\">\n\t<div class=\"thim-list-in-room\">\n<strong>Zimmerausstattung:<\/strong><\/p>\n<ul>\n<li><i class=\"thim-color fa fa-check-circle\"><\/i> Sateliten TV mit Euronews\/CNN<\/li>\n<li><i class=\"thim-color fa fa-check-circle\"><\/i> Nationale und internationale Telefon<\/li>\n<li><i class=\"thim-color fa fa-check-circle\"><\/i> dataport<\/li>\n<li><i class=\"thim-color fa fa-check-circle\"><\/i> Kostenloses WiFi<\/li>\n<li><i class=\"thim-color fa fa-check-circle\"><\/i> Mini-bar<\/li>\n<li><i class=\"thim-color fa fa-check-circle\"><\/i> Haartrockner<\/li>\n<\/ul>\n<\/div>\n<\/div>\n<\/div><\/div><\/div><\/div><div id=\"pg-4185-2\"  class=\"panel-grid panel-has-style\" ><div class=\"siteorigin-panels-stretch thim-fix-stretched panel-row-style panel-row-style-for-4185-2\" data-stretch-type=\"full-stretched\" ><div id=\"pgc-4185-2-0\"  class=\"panel-grid-cell\" ><div id=\"panel-4185-2-0-0\" class=\"so-panel widget widget_empty-space panel-first-child panel-last-child\" data-index=\"8\" ><div class=\"panel-widget-style panel-widget-style-for-4185-2-0-0\" ><div class=\"thim-widget-empty-space thim-widget-empty-space-base\"><div class=\"empty_space\" style=\"height:500px\"><\/div><\/div><\/div><\/div><\/div><\/div><\/div><div id=\"pg-4185-3\"  class=\"panel-grid panel-no-style\" ><div id=\"pgc-4185-3-0\"  class=\"panel-grid-cell panel-grid-cell-empty\" ><\/div><\/div><\/div>","protected":false},"excerpt":{"rendered":"<p>Best Western Central Hotel befindet sich in der Mitte von Arad, dadurch bietet es einen einfachen Zugang zu allen \u00f6ffentlichen [&hellip;]<\/p>\n","protected":false},"author":1,"featured_media":0,"parent":0,"menu_order":0,"comment_status":"closed","ping_status":"closed","template":"","meta":{"footnotes":""},"class_list":["post-4185","page","type-page","status-publish","hentry"],"yoast_head":"<!-- This site is optimized with the Yoast SEO plugin v26.9 - https:\/\/yoast.com\/product\/yoast-seo-wordpress\/ -->\n<title>Ausstattungen - Hotel Best Western Central Arad<\/title>\n<meta name=\"description\" content=\"Einrichtungen des Best Western Central Central Arad bewachter Parkplatz, Alle Zimmer sind klimatisiert, Fr\u00fchst\u00fcck ist im Zimmerpreis inbegriffen.\" \/>\n<meta name=\"robots\" content=\"index, follow, max-snippet:-1, max-image-preview:large, max-video-preview:-1\" \/>\n<link rel=\"canonical\" href=\"https:\/\/bwcentral.ro\/de\/ausstattungen\/\" \/>\n<meta property=\"og:locale\" content=\"de_DE\" \/>\n<meta property=\"og:type\" content=\"article\" \/>\n<meta property=\"og:title\" content=\"Ausstattungen - Hotel Best Western Central Arad\" \/>\n<meta property=\"og:description\" content=\"Einrichtungen des Best Western Central Central Arad bewachter Parkplatz, Alle Zimmer sind klimatisiert, Fr\u00fchst\u00fcck ist im Zimmerpreis inbegriffen.\" \/>\n<meta property=\"og:url\" content=\"https:\/\/bwcentral.ro\/de\/ausstattungen\/\" \/>\n<meta property=\"og:site_name\" content=\"Hotel Best Western Central Arad\" \/>\n<meta property=\"article:modified_time\" content=\"2018-01-09T06:31:45+00:00\" \/>\n<meta name=\"twitter:card\" content=\"summary_large_image\" \/>\n<meta name=\"twitter:label1\" content=\"Gesch\u00e4tzte Lesezeit\" \/>\n\t<meta name=\"twitter:data1\" content=\"1\u00a0Minute\" \/>\n<script type=\"application\/ld+json\" class=\"yoast-schema-graph\">{\"@context\":\"https:\/\/schema.org\",\"@graph\":[{\"@type\":\"WebPage\",\"@id\":\"https:\/\/bwcentral.ro\/de\/ausstattungen\/\",\"url\":\"https:\/\/bwcentral.ro\/de\/ausstattungen\/\",\"name\":\"Ausstattungen - Hotel Best Western Central Arad\",\"isPartOf\":{\"@id\":\"https:\/\/bwcentral.ro\/#website\"},\"datePublished\":\"2017-05-19T06:52:50+00:00\",\"dateModified\":\"2018-01-09T06:31:45+00:00\",\"description\":\"Einrichtungen des Best Western Central Central Arad bewachter Parkplatz, Alle Zimmer sind klimatisiert, Fr\u00fchst\u00fcck ist im Zimmerpreis inbegriffen.\",\"breadcrumb\":{\"@id\":\"https:\/\/bwcentral.ro\/de\/ausstattungen\/#breadcrumb\"},\"inLanguage\":\"de\",\"potentialAction\":[{\"@type\":\"ReadAction\",\"target\":[\"https:\/\/bwcentral.ro\/de\/ausstattungen\/\"]}]},{\"@type\":\"BreadcrumbList\",\"@id\":\"https:\/\/bwcentral.ro\/de\/ausstattungen\/#breadcrumb\",\"itemListElement\":[{\"@type\":\"ListItem\",\"position\":1,\"name\":\"Prima pagin\u0103\",\"item\":\"https:\/\/bwcentral.ro\/de\/\"},{\"@type\":\"ListItem\",\"position\":2,\"name\":\"Ausstattungen\"}]},{\"@type\":\"WebSite\",\"@id\":\"https:\/\/bwcentral.ro\/#website\",\"url\":\"https:\/\/bwcentral.ro\/\",\"name\":\"Hotel Best Western Central Arad\",\"description\":\"\",\"potentialAction\":[{\"@type\":\"SearchAction\",\"target\":{\"@type\":\"EntryPoint\",\"urlTemplate\":\"https:\/\/bwcentral.ro\/?s={search_term_string}\"},\"query-input\":{\"@type\":\"PropertyValueSpecification\",\"valueRequired\":true,\"valueName\":\"search_term_string\"}}],\"inLanguage\":\"de\"}]}<\/script>\n<!-- \/ Yoast SEO plugin. -->","yoast_head_json":{"title":"Ausstattungen - Hotel Best Western Central Arad","description":"Einrichtungen des Best Western Central Central Arad bewachter Parkplatz, Alle Zimmer sind klimatisiert, Fr\u00fchst\u00fcck ist im Zimmerpreis inbegriffen.","robots":{"index":"index","follow":"follow","max-snippet":"max-snippet:-1","max-image-preview":"max-image-preview:large","max-video-preview":"max-video-preview:-1"},"canonical":"https:\/\/bwcentral.ro\/de\/ausstattungen\/","og_locale":"de_DE","og_type":"article","og_title":"Ausstattungen - Hotel Best Western Central Arad","og_description":"Einrichtungen des Best Western Central Central Arad bewachter Parkplatz, Alle Zimmer sind klimatisiert, Fr\u00fchst\u00fcck ist im Zimmerpreis inbegriffen.","og_url":"https:\/\/bwcentral.ro\/de\/ausstattungen\/","og_site_name":"Hotel Best Western Central Arad","article_modified_time":"2018-01-09T06:31:45+00:00","twitter_card":"summary_large_image","twitter_misc":{"Gesch\u00e4tzte Lesezeit":"1\u00a0Minute"},"schema":{"@context":"https:\/\/schema.org","@graph":[{"@type":"WebPage","@id":"https:\/\/bwcentral.ro\/de\/ausstattungen\/","url":"https:\/\/bwcentral.ro\/de\/ausstattungen\/","name":"Ausstattungen - Hotel Best Western Central Arad","isPartOf":{"@id":"https:\/\/bwcentral.ro\/#website"},"datePublished":"2017-05-19T06:52:50+00:00","dateModified":"2018-01-09T06:31:45+00:00","description":"Einrichtungen des Best Western Central Central Arad bewachter Parkplatz, Alle Zimmer sind klimatisiert, Fr\u00fchst\u00fcck ist im Zimmerpreis inbegriffen.","breadcrumb":{"@id":"https:\/\/bwcentral.ro\/de\/ausstattungen\/#breadcrumb"},"inLanguage":"de","potentialAction":[{"@type":"ReadAction","target":["https:\/\/bwcentral.ro\/de\/ausstattungen\/"]}]},{"@type":"BreadcrumbList","@id":"https:\/\/bwcentral.ro\/de\/ausstattungen\/#breadcrumb","itemListElement":[{"@type":"ListItem","position":1,"name":"Prima pagin\u0103","item":"https:\/\/bwcentral.ro\/de\/"},{"@type":"ListItem","position":2,"name":"Ausstattungen"}]},{"@type":"WebSite","@id":"https:\/\/bwcentral.ro\/#website","url":"https:\/\/bwcentral.ro\/","name":"Hotel Best Western Central Arad","description":"","potentialAction":[{"@type":"SearchAction","target":{"@type":"EntryPoint","urlTemplate":"https:\/\/bwcentral.ro\/?s={search_term_string}"},"query-input":{"@type":"PropertyValueSpecification","valueRequired":true,"valueName":"search_term_string"}}],"inLanguage":"de"}]}},"_links":{"self":[{"href":"https:\/\/bwcentral.ro\/de\/wp-json\/wp\/v2\/pages\/4185","targetHints":{"allow":["GET"]}}],"collection":[{"href":"https:\/\/bwcentral.ro\/de\/wp-json\/wp\/v2\/pages"}],"about":[{"href":"https:\/\/bwcentral.ro\/de\/wp-json\/wp\/v2\/types\/page"}],"author":[{"embeddable":true,"href":"https:\/\/bwcentral.ro\/de\/wp-json\/wp\/v2\/users\/1"}],"replies":[{"embeddable":true,"href":"https:\/\/bwcentral.ro\/de\/wp-json\/wp\/v2\/comments?post=4185"}],"version-history":[{"count":8,"href":"https:\/\/bwcentral.ro\/de\/wp-json\/wp\/v2\/pages\/4185\/revisions"}],"predecessor-version":[{"id":4415,"href":"https:\/\/bwcentral.ro\/de\/wp-json\/wp\/v2\/pages\/4185\/revisions\/4415"}],"wp:attachment":[{"href":"https:\/\/bwcentral.ro\/de\/wp-json\/wp\/v2\/media?parent=4185"}],"curies":[{"name":"wp","href":"https:\/\/api.w.org\/{rel}","templated":true}]}}